{"id":1435,"date":"2024-03-23T16:47:33","date_gmt":"2024-03-23T20:47:33","guid":{"rendered":"https:\/\/biochaco.org\/?page_id=1435"},"modified":"2024-10-07T14:00:17","modified_gmt":"2024-10-07T18:00:17","slug":"nosotros","status":"publish","type":"page","link":"https:\/\/biochaco.org\/es_es\/nosotros\/","title":{"rendered":"Nosotros"},"content":{"rendered":"\t\t<div data-elementor-type=\"wp-page\" data-elementor-id=\"1435\" class=\"elementor elementor-1435\" data-elementor-post-type=\"page\">\n\t\t\t\t<div class=\"elementor-element elementor-element-9c4b5d3 e-flex e-con-boxed e-con e-parent\" data-id=\"9c4b5d3\" data-element_type=\"container\" data-core-v316-plus=\"true\">\n\t\t\t\t\t<div class=\"e-con-inner\">\n\t\t<div class=\"elementor-element elementor-element-9015266 e-flex e-con-boxed e-con e-child\" data-id=\"9015266\" data-element_type=\"container\">\n\t\t\t\t\t<div class=\"e-con-inner\">\n\t\t\t\t<div class=\"elementor-element elementor-element-6335768 elementor-widget elementor-widget-heading\" data-id=\"6335768\" data-element_type=\"widget\" data-widget_type=\"heading.default\">\n\t\t\t\t<div class=\"elementor-widget-container\">\n\t\t\t<style>\/*! elementor - v3.20.0 - 11-03-2024 *\/\n.elementor-heading-title{padding:0;margin:0;line-height:1}.elementor-widget-heading .elementor-heading-title[class*=elementor-size-]>a{color:inherit;font-size:inherit;line-height:inherit}.elementor-widget-heading .elementor-heading-title.elementor-size-small{font-size:15px}.elementor-widget-heading .elementor-heading-title.elementor-size-medium{font-size:19px}.elementor-widget-heading .elementor-heading-title.elementor-size-large{font-size:29px}.elementor-widget-heading .elementor-heading-title.elementor-size-xl{font-size:39px}.elementor-widget-heading .elementor-heading-title.elementor-size-xxl{font-size:59px}<\/style><h3 class=\"elementor-heading-title elementor-size-default\">Fundaci\u00f3n Biodiversidad del Gran Chaco (BioChaco)<\/h3>\t\t<\/div>\n\t\t\t\t<\/div>\n\t\t\t\t<div class=\"elementor-element elementor-element-0fe3abb elementor-widget-tablet__width-inherit elementor-widget elementor-widget-heading\" data-id=\"0fe3abb\" data-element_type=\"widget\" data-widget_type=\"heading.default\">\n\t\t\t\t<div class=\"elementor-widget-container\">\n\t\t\t<p class=\"elementor-heading-title elementor-size-default\">Realizamos monitoreo, conteo y registro de aves acu\u00e1ticas, residentes y migratorias del chaco a trav\u00e9s de actividades nacionales e internacionales como Global Big Day, Censo Neotropical de Aves Acu\u00e1ticas, concurso y exposici\u00f3n de Fotograf\u00edas de naturaleza, organizamos anualmente festival de la poes\u00eda Pescando con Peces promoviendo la conservaci\u00f3n de las especies ict\u00edcolas del r\u00edo Pilcomayo a trav\u00e9s de la promoci\u00f3n del talento humano local, realizamos investigaci\u00f3n cient\u00edfica de especies de flora y fauna nativa con publicaci\u00f3n de notas cient\u00edficas en revistas nacionales e internacionales de prestigio acad\u00e9mico, proponemos declaraci\u00f3n municipal, departamental y nacional como Patrimonio Natural a sitios, especies y ecosistemas de gran importancia ambiental en el chaco, desarrollamos educaci\u00f3n ambiental a trav\u00e9s de documentales sobre flora y fauna silvestre transmitidos por redes sociales as\u00ed como programas radiales y televisivos de cobertura amplia.<\/p>\t\t<\/div>\n\t\t\t\t<\/div>\n\t\t\t\t<div class=\"elementor-element elementor-element-a7867c0 elementor-widget elementor-widget-button\" data-id=\"a7867c0\" data-element_type=\"widget\" data-widget_type=\"button.default\">\n\t\t\t\t<div class=\"elementor-widget-container\">\n\t\t\t\t\t<div class=\"elementor-button-wrapper\">\n\t\t\t<a class=\"elementor-button elementor-button-link elementor-size-sm\" href=\"#\">\n\t\t\t\t\t\t<span class=\"elementor-button-content-wrapper\">\n\t\t\t\t\t\t<span class=\"elementor-button-text\">Contactanos<\/span>\n\t\t<\/span>\n\t\t\t\t\t<\/a>\n\t\t<\/div>\n\t\t\t\t<\/div>\n\t\t\t\t<\/div>\n\t\t\t\t\t<\/div>\n\t\t\t\t<\/div>\n\t\t\t\t\t<\/div>\n\t\t\t\t<\/div>\n\t\t<div class=\"elementor-element elementor-element-3e8ce54 e-flex e-con-boxed e-con e-parent\" data-id=\"3e8ce54\" data-element_type=\"container\" data-core-v316-plus=\"true\">\n\t\t\t\t\t<div class=\"e-con-inner\">\n\t\t<div class=\"elementor-element elementor-element-f2d3e18 e-con-full e-flex e-con e-child\" data-id=\"f2d3e18\" data-element_type=\"container\">\n\t\t<div class=\"elementor-element elementor-element-e010305 e-flex e-con-boxed e-con e-child\" data-id=\"e010305\" data-element_type=\"container\">\n\t\t\t\t\t<div class=\"e-con-inner\">\n\t\t<div class=\"elementor-element elementor-element-ba56955 e-con-full e-flex e-con e-child\" data-id=\"ba56955\" data-element_type=\"container\">\n\t\t\t\t<div class=\"elementor-element elementor-element-2d3844e elementor-widget elementor-widget-heading\" data-id=\"2d3844e\" data-element_type=\"widget\" data-widget_type=\"heading.default\">\n\t\t\t\t<div class=\"elementor-widget-container\">\n\t\t\t<h6 class=\"elementor-heading-title elementor-size-default\">01<\/h6>\t\t<\/div>\n\t\t\t\t<\/div>\n\t\t\t\t<div class=\"elementor-element elementor-element-3928135 elementor-widget elementor-widget-heading\" data-id=\"3928135\" data-element_type=\"widget\" data-widget_type=\"heading.default\">\n\t\t\t\t<div class=\"elementor-widget-container\">\n\t\t\t<h2 class=\"elementor-heading-title elementor-size-default\">Proyectos de investigaci\u00f3n de campo<\/h2>\t\t<\/div>\n\t\t\t\t<\/div>\n\t\t\t\t<div class=\"elementor-element elementor-element-a3b8b76 elementor-widget elementor-widget-heading\" data-id=\"a3b8b76\" data-element_type=\"widget\" data-widget_type=\"heading.default\">\n\t\t\t\t<div class=\"elementor-widget-container\">\n\t\t\t<p class=\"elementor-heading-title elementor-size-default\">Utilizamos equipos como trampas c\u00e1maras para realizar monitoreo de la fauna nativa en el chaco, binoculares y monocular para observar aves en su estado natural y documentar los resultados en revistas cient\u00edficas nacionales e internacionales que coadyuven a los proyectos de conservaci\u00f3n.<\/p>\t\t<\/div>\n\t\t\t\t<\/div>\n\t\t\t\t<\/div>\n\t\t\t\t\t<\/div>\n\t\t\t\t<\/div>\n\t\t\t\t<\/div>\n\t\t<div class=\"elementor-element elementor-element-9d9abd0 e-con-full e-flex e-con e-child\" data-id=\"9d9abd0\" data-element_type=\"container\" data-settings=\"{&quot;background_background&quot;:&quot;classic&quot;}\">\n\t\t\t\t<\/div>\n\t\t\t\t\t<\/div>\n\t\t\t\t<\/div>\n\t\t<div class=\"elementor-element elementor-element-c89b35d e-flex e-con-boxed e-con e-parent\" data-id=\"c89b35d\" data-element_type=\"container\" data-core-v316-plus=\"true\">\n\t\t\t\t\t<div class=\"e-con-inner\">\n\t\t<div class=\"elementor-element elementor-element-1b2d81b e-con-full e-flex e-con e-child\" data-id=\"1b2d81b\" data-element_type=\"container\" data-settings=\"{&quot;background_background&quot;:&quot;classic&quot;}\">\n\t\t\t\t<\/div>\n\t\t<div class=\"elementor-element elementor-element-4eb17d3 e-con-full e-flex e-con e-child\" data-id=\"4eb17d3\" data-element_type=\"container\">\n\t\t<div class=\"elementor-element elementor-element-40bf2c2 e-flex e-con-boxed e-con e-child\" data-id=\"40bf2c2\" data-element_type=\"container\">\n\t\t\t\t\t<div class=\"e-con-inner\">\n\t\t<div class=\"elementor-element elementor-element-5d77a8a e-con-full e-flex e-con e-child\" data-id=\"5d77a8a\" data-element_type=\"container\">\n\t\t\t\t<div class=\"elementor-element elementor-element-3569a45 elementor-widget elementor-widget-heading\" data-id=\"3569a45\" data-element_type=\"widget\" data-widget_type=\"heading.default\">\n\t\t\t\t<div class=\"elementor-widget-container\">\n\t\t\t<h6 class=\"elementor-heading-title elementor-size-default\">02<\/h6>\t\t<\/div>\n\t\t\t\t<\/div>\n\t\t\t\t<div class=\"elementor-element elementor-element-aeaf218 elementor-widget elementor-widget-heading\" data-id=\"aeaf218\" data-element_type=\"widget\" data-widget_type=\"heading.default\">\n\t\t\t\t<div class=\"elementor-widget-container\">\n\t\t\t<h2 class=\"elementor-heading-title elementor-size-default\">Capacitaci\u00f3n y educaci\u00f3n ambiental continua\u200b<\/h2>\t\t<\/div>\n\t\t\t\t<\/div>\n\t\t\t\t<div class=\"elementor-element elementor-element-bfaf1e4 elementor-widget elementor-widget-heading\" data-id=\"bfaf1e4\" data-element_type=\"widget\" data-widget_type=\"heading.default\">\n\t\t\t\t<div class=\"elementor-widget-container\">\n\t\t\t<p class=\"elementor-heading-title elementor-size-default\">Impartimos capacitaci\u00f3n continua a la sociedad sobre temas ambientales (flora, fauna, ecosistemas acu\u00e1ticos y terrestres, p\u00e9rdida de biodiversidad, eco turismo, aviturismo, registro de nuevas especies en el Chaco), a dem\u00e1s generamos producci\u00f3n audiovisual educativa sobre flora y fauna nativa promoviendo la conservaci\u00f3n de la naturaleza en el Chaco.<\/p>\t\t<\/div>\n\t\t\t\t<\/div>\n\t\t\t\t<\/div>\n\t\t\t\t\t<\/div>\n\t\t\t\t<\/div>\n\t\t\t\t<\/div>\n\t\t\t\t\t<\/div>\n\t\t\t\t<\/div>\n\t\t<div class=\"elementor-element elementor-element-a03bbcc e-flex e-con-boxed e-con e-parent\" data-id=\"a03bbcc\" data-element_type=\"container\" data-core-v316-plus=\"true\">\n\t\t\t\t\t<div class=\"e-con-inner\">\n\t\t<div class=\"elementor-element elementor-element-2615007 e-con-full e-flex e-con e-child\" data-id=\"2615007\" data-element_type=\"container\">\n\t\t<div class=\"elementor-element elementor-element-dfa852b e-flex e-con-boxed e-con e-child\" data-id=\"dfa852b\" data-element_type=\"container\">\n\t\t\t\t\t<div class=\"e-con-inner\">\n\t\t<div class=\"elementor-element elementor-element-2f60b3a e-con-full e-flex e-con e-child\" data-id=\"2f60b3a\" data-element_type=\"container\">\n\t\t\t\t<div class=\"elementor-element elementor-element-1e7623d elementor-widget elementor-widget-heading\" data-id=\"1e7623d\" data-element_type=\"widget\" data-widget_type=\"heading.default\">\n\t\t\t\t<div class=\"elementor-widget-container\">\n\t\t\t<h6 class=\"elementor-heading-title elementor-size-default\">03<\/h6>\t\t<\/div>\n\t\t\t\t<\/div>\n\t\t\t\t<div class=\"elementor-element elementor-element-609f94a elementor-widget elementor-widget-heading\" data-id=\"609f94a\" data-element_type=\"widget\" data-widget_type=\"heading.default\">\n\t\t\t\t<div class=\"elementor-widget-container\">\n\t\t\t<h2 class=\"elementor-heading-title elementor-size-default\">Concursos fotogr\u00e1ficos de Naturaleza<\/h2>\t\t<\/div>\n\t\t\t\t<\/div>\n\t\t\t\t<div class=\"elementor-element elementor-element-15a3d8d elementor-widget elementor-widget-heading\" data-id=\"15a3d8d\" data-element_type=\"widget\" data-widget_type=\"heading.default\">\n\t\t\t\t<div class=\"elementor-widget-container\">\n\t\t\t<p class=\"elementor-heading-title elementor-size-default\">Conectamos a las personas con la naturaleza a trav\u00e9s del uso tecnol\u00f3gico de las herramientas e im\u00e1genes digitales que capturan paisajes, flora, fauna, la cultura y tradici\u00f3n de los pueblos en el Chaco, promoviendo el turismo local de naturaleza, as\u00ed  como el desarrollo de sus habitantes en armon\u00eda con la naturaleza.<\/p>\t\t<\/div>\n\t\t\t\t<\/div>\n\t\t\t\t<\/div>\n\t\t\t\t\t<\/div>\n\t\t\t\t<\/div>\n\t\t\t\t<\/div>\n\t\t<div class=\"elementor-element elementor-element-a123b01 e-con-full e-flex e-con e-child\" data-id=\"a123b01\" data-element_type=\"container\" data-settings=\"{&quot;background_background&quot;:&quot;classic&quot;}\">\n\t\t\t\t<\/div>\n\t\t\t\t\t<\/div>\n\t\t\t\t<\/div>\n\t\t<div class=\"elementor-element elementor-element-9673558 e-flex e-con-boxed e-con e-parent\" data-id=\"9673558\" data-element_type=\"container\" data-core-v316-plus=\"true\">\n\t\t\t\t\t<div class=\"e-con-inner\">\n\t\t<div class=\"elementor-element elementor-element-074a51f e-con-full e-flex e-con e-child\" data-id=\"074a51f\" data-element_type=\"container\" data-settings=\"{&quot;background_background&quot;:&quot;classic&quot;}\">\n\t\t\t\t<\/div>\n\t\t<div class=\"elementor-element elementor-element-55eabb8 e-con-full e-flex e-con e-child\" data-id=\"55eabb8\" data-element_type=\"container\">\n\t\t<div class=\"elementor-element elementor-element-6ec2a27 e-flex e-con-boxed e-con e-child\" data-id=\"6ec2a27\" data-element_type=\"container\">\n\t\t\t\t\t<div class=\"e-con-inner\">\n\t\t<div class=\"elementor-element elementor-element-ec5419a e-con-full e-flex e-con e-child\" data-id=\"ec5419a\" data-element_type=\"container\">\n\t\t\t\t<div class=\"elementor-element elementor-element-caed6c9 elementor-widget elementor-widget-heading\" data-id=\"caed6c9\" data-element_type=\"widget\" data-widget_type=\"heading.default\">\n\t\t\t\t<div class=\"elementor-widget-container\">\n\t\t\t<h6 class=\"elementor-heading-title elementor-size-default\">04<\/h6>\t\t<\/div>\n\t\t\t\t<\/div>\n\t\t\t\t<div class=\"elementor-element elementor-element-341c142 elementor-widget elementor-widget-heading\" data-id=\"341c142\" data-element_type=\"widget\" data-widget_type=\"heading.default\">\n\t\t\t\t<div class=\"elementor-widget-container\">\n\t\t\t<h2 class=\"elementor-heading-title elementor-size-default\">Promoci\u00f3n e impulso a la creaci\u00f3n de sitios y especies como Patrimonio Natural<\/h2>\t\t<\/div>\n\t\t\t\t<\/div>\n\t\t\t\t<div class=\"elementor-element elementor-element-7a6b910 elementor-widget elementor-widget-heading\" data-id=\"7a6b910\" data-element_type=\"widget\" data-widget_type=\"heading.default\">\n\t\t\t\t<div class=\"elementor-widget-container\">\n\t\t\t<p class=\"elementor-heading-title elementor-size-default\">Los trabajos de investigaci\u00f3n que realizamos nos permiten impulsar la creaci\u00f3n de espacios, sitios y especies nativas del Chaco como Patrimnio Natural de la ecoregion del Gran Chaco.<\/p>\t\t<\/div>\n\t\t\t\t<\/div>\n\t\t\t\t<\/div>\n\t\t\t\t\t<\/div>\n\t\t\t\t<\/div>\n\t\t\t\t<\/div>\n\t\t\t\t\t<\/div>\n\t\t\t\t<\/div>\n\t\t<div class=\"elementor-element elementor-element-20dfa11 e-flex e-con-boxed e-con e-parent\" data-id=\"20dfa11\" data-element_type=\"container\" data-core-v316-plus=\"true\">\n\t\t\t\t\t<div class=\"e-con-inner\">\n\t\t<div class=\"elementor-element elementor-element-24aff65 e-flex e-con-boxed e-con e-child\" data-id=\"24aff65\" data-element_type=\"container\" data-settings=\"{&quot;background_background&quot;:&quot;classic&quot;}\">\n\t\t\t\t\t<div class=\"e-con-inner\">\n\t\t\t\t<div class=\"elementor-element elementor-element-160217f elementor-widget elementor-widget-text-editor\" data-id=\"160217f\" data-element_type=\"widget\" data-widget_type=\"text-editor.default\">\n\t\t\t\t<div class=\"elementor-widget-container\">\n\t\t\t<style>\/*! elementor - v3.20.0 - 11-03-2024 *\/\n.elementor-widget-text-editor.elementor-drop-cap-view-stacked .elementor-drop-cap{background-color:#69727d;color:#fff}.elementor-widget-text-editor.elementor-drop-cap-view-framed .elementor-drop-cap{color:#69727d;border:3px solid;background-color:transparent}.elementor-widget-text-editor:not(.elementor-drop-cap-view-default) .elementor-drop-cap{margin-top:8px}.elementor-widget-text-editor:not(.elementor-drop-cap-view-default) .elementor-drop-cap-letter{width:1em;height:1em}.elementor-widget-text-editor .elementor-drop-cap{float:left;text-align:center;line-height:1;font-size:50px}.elementor-widget-text-editor .elementor-drop-cap-letter{display:inline-block}<\/style>\t\t\t\t<p style=\"text-align: center;\"><strong>OBJETIVOS<\/strong><\/p><p>Los objetivos primordiales de la Fundaci\u00f3n son:<br \/>1. Gestionar apoyo de cooperaci\u00f3n ante la comunidad Internacional para el desarrollo, ETAs Entidades Territoriales Aut\u00f3nomas, Universidades, Institutos, Banca Privada y sector empresarial para desarrollar toda actividad en beneficio de la vida silvestre, grupos y comunidades.<br \/>2. Implementar programas de conservaci\u00f3n, investigaci\u00f3n y educaci\u00f3n para la vida silvestre, ecosistemas y h\u00e1bitats.<br \/>3. Promover y ejecutar proyectos de investigaci\u00f3n, conservaci\u00f3n, educaci\u00f3n ambiental, desarrollo sostenible.<br \/>4. Establecer programas alternativos de turismo (ecoturismo, etnoturismo, etc), desarrollo ind\u00edgena, manejo de recursos gen\u00e9ticos, comunicaci\u00f3n ambiental.<br \/>5. Apoyar a proyectos de Universidades y\/o profesionales particulares de nacionalidad boliviana o extranjera, que quieran trabajar en relaci\u00f3n a la conservaci\u00f3n de fauna silvestre, estudios cient\u00edficos, monitoreo de ecosistemas acu\u00e1ticos y terrestres, flora y fauna nativa, h\u00e1bitats, grupos y comunidades.<br \/>6. Prestar atenci\u00f3n integral dirigida a grupos y comunidades m\u00e1s desprotegidos fomentando acciones de sensibilizaci\u00f3n y participaci\u00f3n social a fin de extender el valor de la convivencia, la solidaridad y la cooperaci\u00f3n con la naturaleza y el medio ambiente.<br \/>7. Promover una cultura de paz y armon\u00eda entre la naturaleza, la sociedad civil, grupos y comunidades para un desarrollo integral sostenible.<br \/>8. Implementar centros de investigaci\u00f3n y educaci\u00f3n ambiental, museos, viveros forestales, \u00e1reas naturales y propiedades de conservaci\u00f3n para la vida silvestre.<\/p><p>\u00a0<\/p><p style=\"text-align: center;\"><strong>FINES<\/strong><\/p><p>Los Fines de la Fundaci\u00f3n se concentrar\u00e1 en brindar oportunidades que promuevan y fomenten el desarrollo, progreso integral de los pueblos, comunidades y ciudades en el Chaco y Bolivia, preservando la vida, h\u00e1bitats, ecosistemas, su flora y fauna, as\u00ed como las especies silvestres en situaci\u00f3n de amenaza o peligro de extinci\u00f3n, a trav\u00e9s de diversos programas y\/o proyectos, permiti\u00e9ndoles alcanzar y mejorar su calidad de vida en equilibrio con la naturaleza.<\/p>\t\t\t\t\t\t<\/div>\n\t\t\t\t<\/div>\n\t\t\t\t\t<\/div>\n\t\t\t\t<\/div>\n\t\t\t\t\t<\/div>\n\t\t\t\t<\/div>\n\t\t<div class=\"elementor-element elementor-element-f3e7360 e-flex e-con-boxed e-con e-parent\" data-id=\"f3e7360\" data-element_type=\"container\" data-core-v316-plus=\"true\">\n\t\t\t\t\t<div class=\"e-con-inner\">\n\t\t<div class=\"elementor-element elementor-element-7912dd9 e-con-full e-flex e-con e-child\" data-id=\"7912dd9\" data-element_type=\"container\">\n\t\t\t\t<div class=\"elementor-element elementor-element-1c71cf1 elementor-invisible elementor-widget elementor-widget-icon-box\" data-id=\"1c71cf1\" data-element_type=\"widget\" data-settings=\"{&quot;_animation&quot;:&quot;fadeIn&quot;,&quot;_animation_delay&quot;:500}\" data-widget_type=\"icon-box.default\">\n\t\t\t\t<div class=\"elementor-widget-container\">\n\t\t\t<link rel=\"stylesheet\" href=\"https:\/\/biochaco.org\/wp-content\/plugins\/elementor\/assets\/css\/widget-icon-box.min.css\">\t\t<div class=\"elementor-icon-box-wrapper\">\n\t\t\t\t\t\t<div class=\"elementor-icon-box-content\">\n\t\t\t\t<h5 class=\"elementor-icon-box-title\">\n\t\t\t\t\t<span  >\n\t\t\t\t\t\tMisi\u00f3n\t\t\t\t\t<\/span>\n\t\t\t\t<\/h5>\n\t\t\t\t\t\t\t\t\t<p class=\"elementor-icon-box-description\">\n\t\t\t\t\t\tLa misi\u00f3n de la Fundaci\u00f3n Biodiversidad del Gran Chaco (BIOCHACO) es desempe\u00f1ar un rol de liderazgo en la investigaci\u00f3n, el desarrollo y la educaci\u00f3n ambiental para resolver situaciones ambientales propias del Chaco, promoviendo el cuidado al medio ambiente, los recursos naturales y las especies silvestres end\u00e9micas de la regi\u00f3n.\t\t\t\t\t<\/p>\n\t\t\t\t\t\t\t<\/div>\n\t\t<\/div>\n\t\t\t\t<\/div>\n\t\t\t\t<\/div>\n\t\t\t\t<\/div>\n\t\t<div class=\"elementor-element elementor-element-2ceee54 e-con-full e-flex e-con e-child\" data-id=\"2ceee54\" data-element_type=\"container\">\n\t\t\t\t<div class=\"elementor-element elementor-element-8a414ec elementor-invisible elementor-widget elementor-widget-icon-box\" data-id=\"8a414ec\" data-element_type=\"widget\" data-settings=\"{&quot;_animation&quot;:&quot;fadeIn&quot;,&quot;_animation_delay&quot;:750}\" data-widget_type=\"icon-box.default\">\n\t\t\t\t<div class=\"elementor-widget-container\">\n\t\t\t\t\t<div class=\"elementor-icon-box-wrapper\">\n\t\t\t\t\t\t<div class=\"elementor-icon-box-content\">\n\t\t\t\t<h5 class=\"elementor-icon-box-title\">\n\t\t\t\t\t<span  >\n\t\t\t\t\t\tVisi\u00f3n\t\t\t\t\t<\/span>\n\t\t\t\t<\/h5>\n\t\t\t\t\t\t\t\t\t<p class=\"elementor-icon-box-description\">\n\t\t\t\t\t\tConvertirse en una Instituci\u00f3n sin fines de lucro de prestigio en investigaci\u00f3n, innovaci\u00f3n, desarrollo y educaci\u00f3n ambiental en el Chaco, con reconocimiento local, regional, departamental y Nacional que aporte a las soluciones ambientales del Chaco y de cooperaci\u00f3n. Estas caracter\u00edsticas permitir\u00e1n el asesoramiento y la asistencia t\u00e9cnica a organismos p\u00fablicos y privados para el desarrollo sustentable de las actividades de los sectores de la sociedad.\t\t\t\t\t<\/p>\n\t\t\t\t\t\t\t<\/div>\n\t\t<\/div>\n\t\t\t\t<\/div>\n\t\t\t\t<\/div>\n\t\t\t\t<\/div>\n\t\t\t\t\t<\/div>\n\t\t\t\t<\/div>\n\t\t\t\t<\/div>\n\t\t","protected":false},"excerpt":{"rendered":"<p>Fundaci\u00f3n Biodiversidad del Gran Chaco (BioChaco) Realizamos monitoreo, conteo y registro de aves acu\u00e1ticas, residentes y migratorias del chaco a trav\u00e9s de actividades nacionales e internacionales como Global Big Day, Censo Neotropical de Aves Acu\u00e1ticas, concurso y exposici\u00f3n de Fotograf\u00edas de naturaleza, organizamos anualmente festival de la poes\u00eda Pescando con Peces promoviendo la conservaci\u00f3n de [&hellip;]<\/p>\n","protected":false},"author":1,"featured_media":0,"parent":0,"menu_order":0,"comment_status":"closed","ping_status":"closed","template":"elementor_header_footer","meta":{"site-sidebar-layout":"no-sidebar","site-content-layout":"page-builder","ast-site-content-layout":"full-width-container","site-content-style":"default","site-sidebar-style":"default","ast-global-header-display":"","ast-banner-title-visibility":"","ast-main-header-display":"","ast-hfb-above-header-display":"","ast-hfb-below-header-display":"","ast-hfb-mobile-header-display":"","site-post-title":"disabled","ast-breadcrumbs-content":"","ast-featured-img":"disabled","footer-sml-layout":"","theme-transparent-header-meta":"","adv-header-id-meta":"","stick-header-meta":"","header-above-stick-meta":"","header-main-stick-meta":"","header-below-stick-meta":"","astra-migrate-meta-layouts":"set","ast-page-background-enabled":"default","ast-page-background-meta":{"desktop":{"background-color":"var(--ast-global-color-4)","background-image":"","background-repeat":"repeat","background-position":"center center","background-size":"auto","background-attachment":"scroll","background-type":"","background-media":"","overlay-type":"","overlay-color":"","overlay-gradient":""},"tablet":{"background-color":"","background-image":"","background-repeat":"repeat","background-position":"center center","background-size":"auto","background-attachment":"scroll","background-type":"","background-media":"","overlay-type":"","overlay-color":"","overlay-gradient":""},"mobile":{"background-color":"","background-image":"","background-repeat":"repeat","background-position":"center center","background-size":"auto","background-attachment":"scroll","background-type":"","background-media":"","overlay-type":"","overlay-color":"","overlay-gradient":""}},"ast-content-background-meta":{"desktop":{"background-color":"var(--ast-global-color-5)","background-image":"","background-repeat":"repeat","background-position":"center center","background-size":"auto","background-attachment":"scroll","background-type":"","background-media":"","overlay-type":"","overlay-color":"","overlay-gradient":""},"tablet":{"background-color":"var(--ast-global-color-5)","background-image":"","background-repeat":"repeat","background-position":"center center","background-size":"auto","background-attachment":"scroll","background-type":"","background-media":"","overlay-type":"","overlay-color":"","overlay-gradient":""},"mobile":{"background-color":"var(--ast-global-color-5)","background-image":"","background-repeat":"repeat","background-position":"center center","background-size":"auto","background-attachment":"scroll","background-type":"","background-media":"","overlay-type":"","overlay-color":"","overlay-gradient":""}},"footnotes":""},"class_list":["post-1435","page","type-page","status-publish","hentry"],"yoast_head":"<!-- This site is optimized with the Yoast SEO plugin v22.3 - https:\/\/yoast.com\/wordpress\/plugins\/seo\/ -->\n<title>Nosotros - BioChaco<\/title>\n<meta name=\"robots\" content=\"index, follow, max-snippet:-1, max-image-preview:large, max-video-preview:-1\" \/>\n<link rel=\"canonical\" href=\"https:\/\/biochaco.org\/es_es\/nosotros\/\" \/>\n<meta property=\"og:locale\" content=\"es_ES\" \/>\n<meta property=\"og:type\" content=\"article\" \/>\n<meta property=\"og:title\" content=\"Nosotros - BioChaco\" \/>\n<meta property=\"og:description\" content=\"Fundaci\u00f3n Biodiversidad del Gran Chaco (BioChaco) Realizamos monitoreo, conteo y registro de aves acu\u00e1ticas, residentes y migratorias del chaco a trav\u00e9s de actividades nacionales e internacionales como Global Big Day, Censo Neotropical de Aves Acu\u00e1ticas, concurso y exposici\u00f3n de Fotograf\u00edas de naturaleza, organizamos anualmente festival de la poes\u00eda Pescando con Peces promoviendo la conservaci\u00f3n de [&hellip;]\" \/>\n<meta property=\"og:url\" content=\"https:\/\/biochaco.org\/es_es\/nosotros\/\" \/>\n<meta property=\"og:site_name\" content=\"BioChaco\" \/>\n<meta property=\"article:modified_time\" content=\"2024-10-07T18:00:17+00:00\" \/>\n<meta name=\"twitter:card\" content=\"summary_large_image\" \/>\n<meta name=\"twitter:label1\" content=\"Tiempo de lectura\" \/>\n\t<meta name=\"twitter:data1\" content=\"3 minutos\" \/>\n<script type=\"application\/ld+json\" class=\"yoast-schema-graph\">{\"@context\":\"https:\/\/schema.org\",\"@graph\":[{\"@type\":\"WebPage\",\"@id\":\"https:\/\/biochaco.org\/en\/nosotros\/\",\"url\":\"https:\/\/biochaco.org\/en\/nosotros\/\",\"name\":\"Nosotros - BioChaco\",\"isPartOf\":{\"@id\":\"https:\/\/biochaco.org\/es_es\/#website\"},\"datePublished\":\"2024-03-23T20:47:33+00:00\",\"dateModified\":\"2024-10-07T18:00:17+00:00\",\"breadcrumb\":{\"@id\":\"https:\/\/biochaco.org\/en\/nosotros\/#breadcrumb\"},\"inLanguage\":\"es\",\"potentialAction\":[{\"@type\":\"ReadAction\",\"target\":[\"https:\/\/biochaco.org\/en\/nosotros\/\"]}]},{\"@type\":\"BreadcrumbList\",\"@id\":\"https:\/\/biochaco.org\/en\/nosotros\/#breadcrumb\",\"itemListElement\":[{\"@type\":\"ListItem\",\"position\":1,\"name\":\"Home\",\"item\":\"https:\/\/biochaco.org\/es_es\/\"},{\"@type\":\"ListItem\",\"position\":2,\"name\":\"Nosotros\"}]},{\"@type\":\"WebSite\",\"@id\":\"https:\/\/biochaco.org\/es_es\/#website\",\"url\":\"https:\/\/biochaco.org\/es_es\/\",\"name\":\"BioChaco\",\"description\":\"Fundaci\u00f3n Biodiversidad del Gran Chaco BioChaco Villa Montes\",\"publisher\":{\"@id\":\"https:\/\/biochaco.org\/es_es\/#organization\"},\"potentialAction\":[{\"@type\":\"SearchAction\",\"target\":{\"@type\":\"EntryPoint\",\"urlTemplate\":\"https:\/\/biochaco.org\/es_es\/?s={search_term_string}\"},\"query-input\":\"required name=search_term_string\"}],\"inLanguage\":\"es\"},{\"@type\":\"Organization\",\"@id\":\"https:\/\/biochaco.org\/es_es\/#organization\",\"name\":\"BioChaco\",\"url\":\"https:\/\/biochaco.org\/es_es\/\",\"logo\":{\"@type\":\"ImageObject\",\"inLanguage\":\"es\",\"@id\":\"https:\/\/biochaco.org\/es_es\/#\/schema\/logo\/image\/\",\"url\":\"https:\/\/biochaco.org\/wp-content\/uploads\/2022\/03\/logo-biochaco-dark.png\",\"contentUrl\":\"https:\/\/biochaco.org\/wp-content\/uploads\/2022\/03\/logo-biochaco-dark.png\",\"width\":350,\"height\":271,\"caption\":\"BioChaco\"},\"image\":{\"@id\":\"https:\/\/biochaco.org\/es_es\/#\/schema\/logo\/image\/\"}}]}<\/script>\n<!-- \/ Yoast SEO plugin. -->","yoast_head_json":{"title":"Nosotros - BioChaco","robots":{"index":"index","follow":"follow","max-snippet":"max-snippet:-1","max-image-preview":"max-image-preview:large","max-video-preview":"max-video-preview:-1"},"canonical":"https:\/\/biochaco.org\/es_es\/nosotros\/","og_locale":"es_ES","og_type":"article","og_title":"Nosotros - BioChaco","og_description":"Fundaci\u00f3n Biodiversidad del Gran Chaco (BioChaco) Realizamos monitoreo, conteo y registro de aves acu\u00e1ticas, residentes y migratorias del chaco a trav\u00e9s de actividades nacionales e internacionales como Global Big Day, Censo Neotropical de Aves Acu\u00e1ticas, concurso y exposici\u00f3n de Fotograf\u00edas de naturaleza, organizamos anualmente festival de la poes\u00eda Pescando con Peces promoviendo la conservaci\u00f3n de [&hellip;]","og_url":"https:\/\/biochaco.org\/es_es\/nosotros\/","og_site_name":"BioChaco","article_modified_time":"2024-10-07T18:00:17+00:00","twitter_card":"summary_large_image","twitter_misc":{"Tiempo de lectura":"3 minutos"},"schema":{"@context":"https:\/\/schema.org","@graph":[{"@type":"WebPage","@id":"https:\/\/biochaco.org\/en\/nosotros\/","url":"https:\/\/biochaco.org\/en\/nosotros\/","name":"Nosotros - BioChaco","isPartOf":{"@id":"https:\/\/biochaco.org\/es_es\/#website"},"datePublished":"2024-03-23T20:47:33+00:00","dateModified":"2024-10-07T18:00:17+00:00","breadcrumb":{"@id":"https:\/\/biochaco.org\/en\/nosotros\/#breadcrumb"},"inLanguage":"es","potentialAction":[{"@type":"ReadAction","target":["https:\/\/biochaco.org\/en\/nosotros\/"]}]},{"@type":"BreadcrumbList","@id":"https:\/\/biochaco.org\/en\/nosotros\/#breadcrumb","itemListElement":[{"@type":"ListItem","position":1,"name":"Home","item":"https:\/\/biochaco.org\/es_es\/"},{"@type":"ListItem","position":2,"name":"Nosotros"}]},{"@type":"WebSite","@id":"https:\/\/biochaco.org\/es_es\/#website","url":"https:\/\/biochaco.org\/es_es\/","name":"BioChaco","description":"Fundaci\u00f3n Biodiversidad del Gran Chaco BioChaco Villa Montes","publisher":{"@id":"https:\/\/biochaco.org\/es_es\/#organization"},"potentialAction":[{"@type":"SearchAction","target":{"@type":"EntryPoint","urlTemplate":"https:\/\/biochaco.org\/es_es\/?s={search_term_string}"},"query-input":"required name=search_term_string"}],"inLanguage":"es"},{"@type":"Organization","@id":"https:\/\/biochaco.org\/es_es\/#organization","name":"BioChaco","url":"https:\/\/biochaco.org\/es_es\/","logo":{"@type":"ImageObject","inLanguage":"es","@id":"https:\/\/biochaco.org\/es_es\/#\/schema\/logo\/image\/","url":"https:\/\/biochaco.org\/wp-content\/uploads\/2022\/03\/logo-biochaco-dark.png","contentUrl":"https:\/\/biochaco.org\/wp-content\/uploads\/2022\/03\/logo-biochaco-dark.png","width":350,"height":271,"caption":"BioChaco"},"image":{"@id":"https:\/\/biochaco.org\/es_es\/#\/schema\/logo\/image\/"}}]}},"_links":{"self":[{"href":"https:\/\/biochaco.org\/es_es\/wp-json\/wp\/v2\/pages\/1435","targetHints":{"allow":["GET"]}}],"collection":[{"href":"https:\/\/biochaco.org\/es_es\/wp-json\/wp\/v2\/pages"}],"about":[{"href":"https:\/\/biochaco.org\/es_es\/wp-json\/wp\/v2\/types\/page"}],"author":[{"embeddable":true,"href":"https:\/\/biochaco.org\/es_es\/wp-json\/wp\/v2\/users\/1"}],"replies":[{"embeddable":true,"href":"https:\/\/biochaco.org\/es_es\/wp-json\/wp\/v2\/comments?post=1435"}],"version-history":[{"count":167,"href":"https:\/\/biochaco.org\/es_es\/wp-json\/wp\/v2\/pages\/1435\/revisions"}],"predecessor-version":[{"id":4102,"href":"https:\/\/biochaco.org\/es_es\/wp-json\/wp\/v2\/pages\/1435\/revisions\/4102"}],"wp:attachment":[{"href":"https:\/\/biochaco.org\/es_es\/wp-json\/wp\/v2\/media?parent=1435"}],"curies":[{"name":"wp","href":"https:\/\/api.w.org\/{rel}","templated":true}]}}